{"id":10600,"date":"2023-01-24T15:43:33","date_gmt":"2023-01-24T19:43:33","guid":{"rendered":"https:\/\/www.naturenb.ca\/?page_id=10600"},"modified":"2026-08-20T15:42:55","modified_gmt":"2026-08-20T18:42:55","slug":"naturaliste-de-lannee","status":"publish","type":"page","link":"https:\/\/www.naturenb.ca\/fr\/naturaliste-de-lannee\/","title":{"rendered":"Prix du naturaliste de l&rsquo;ann\u00e9e \u00e0 la m\u00e9moire de Roger Leblanc"},"content":{"rendered":"\n<p class=\"has-text-align-center has-medium-font-size wp-block-paragraph\">F\u00e9licitations \u00e0 notre naturaliste de l\u2019ann\u00e9e 2024!<\/p>\n\n\n\n<h2 class=\"wp-block-heading has-text-align-center\"><a href=\"https:\/\/www.naturenb.ca\/fr\/2026\/08\/20\/celebrating-fred-richards-nature-nbs-roger-leblanc-memorial-2026-naturalist-of-the-year\/\" data-type=\"post\" data-id=\"22610\">Fred Richards<\/a><\/h2>\n\n\n\n<figure class=\"wp-block-image aligncenter size-large\"><img loading=\"lazy\" decoding=\"async\" width=\"1024\" height=\"768\" src=\"https:\/\/www.naturenb.ca\/sites\/www.naturenb.ca\/wp-content\/uploads\/2026\/08\/fred-richards-1024x768.jpg\" alt=\"\" class=\"wp-image-22609\" srcset=\"https:\/\/www.naturenb.ca\/sites\/www.naturenb.ca\/wp-content\/uploads\/2026\/08\/fred-richards-1024x768.jpg 1024w, https:\/\/www.naturenb.ca\/sites\/www.naturenb.ca\/wp-content\/uploads\/2026\/08\/fred-richards-300x225.jpg 300w, https:\/\/www.naturenb.ca\/sites\/www.naturenb.ca\/wp-content\/uploads\/2026\/08\/fred-richards-768x576.jpg 768w, https:\/\/www.naturenb.ca\/sites\/www.naturenb.ca\/wp-content\/uploads\/2026\/08\/fred-richards-1536x1152.jpg 1536w, https:\/\/www.naturenb.ca\/sites\/www.naturenb.ca\/wp-content\/uploads\/2026\/08\/fred-richards-2048x1536.jpg 2048w\" sizes=\"auto, (max-width: 1024px) 100vw, 1024px\" \/><figcaption class=\"wp-element-caption\">Photo: Peter Gadd<\/figcaption><\/figure>\n\n\n\n<div style=\"height:40px\" aria-hidden=\"true\" class=\"wp-block-spacer\"><\/div>\n\n\n\n<h1 class=\"wp-block-heading\">C\u2019est quoi le Prix du naturaliste de l&rsquo;ann\u00e9e \u00e0 la m\u00e9moire de Roger Leblanc?<\/h1>\n\n\n\n<div class=\"wp-block-columns is-layout-flex wp-container-core-columns-is-layout-7387b849 wp-block-columns-is-layout-flex\">\n<div class=\"wp-block-column is-layout-flow wp-block-column-is-layout-flow\">\n<p class=\"wp-block-paragraph\">Le prix du naturaliste de l&rsquo;ann\u00e9e \u00e0 la m\u00e9moire de Roger Leblanc rend hommage aux membres de la communaut\u00e9 de Nature NB qui ont contribu\u00e9 de fa\u00e7on exceptionnelle \u00e0 la c\u00e9l\u00e9bration, \u00e0 la conservation et \u00e0 la protection du patrimoine naturel du Nouveau-Brunswick.<\/p>\n\n\n\n<p class=\"wp-block-paragraph\">Les nominations sont faites tout au long de l\u2019ann\u00e9e et le prix est pr\u00e9sent\u00e9 lors de notre Festival de la nature au printemps.<\/p>\n<\/div>\n\n\n\n<div class=\"wp-block-column is-layout-flow wp-block-column-is-layout-flow\">\n<div class=\"wp-block-buttons is-layout-flex wp-block-buttons-is-layout-flex\">\n<div class=\"wp-block-button\"><a class=\"wp-block-button__link has-background wp-element-button\" href=\"https:\/\/www.naturenb.ca\/wp-content\/uploads\/2024\/03\/Naturalist-of-the-Year-Nomination-Form-updated-2024.pdf\" style=\"background-color:#73c167\" target=\"_blank\" rel=\"noreferrer noopener\">NOMMEZ QUELQU&rsquo;UN<\/a><\/div>\n<\/div>\n\n\n\n<h3 class=\"wp-block-heading\">ANCIENS LAUR\u00c9ATS<\/h3>\n\n\n\n<p class=\"wp-block-paragraph\"><strong>2024:<\/strong><br>Nelson Poirier<br><strong>2023:<\/strong><br>Louis-\u00c9mile Cormier<br><strong>2018-2019:<\/strong><br>Arthur-William Landry<br><strong>2017:<\/strong><br>Peter and Deana Gadd<br><strong>2015:<\/strong><br>Mike Lushington<br><strong>2013:<\/strong><br>David McLeod<br><strong>2012:<\/strong><br>Pierrette Mercier<\/p>\n<\/div>\n<\/div>\n","protected":false},"excerpt":{"rendered":"<p>F\u00e9licitations \u00e0 notre naturaliste de l\u2019ann\u00e9e 2024! Fred Richards C\u2019est quoi le Prix du naturaliste de l&rsquo;ann\u00e9e \u00e0 la m\u00e9moire de Roger Leblanc? Le prix du naturaliste de l&rsquo;ann\u00e9e \u00e0 [&hellip;]<\/p>\n","protected":false},"author":2,"featured_media":0,"parent":0,"menu_order":0,"comment_status":"closed","ping_status":"closed","template":"","meta":{"_acf_changed":false,"_uag_custom_page_level_css":"","site-sidebar-layout":"default","site-content-layout":"","ast-site-content-layout":"default","site-content-style":"default","site-sidebar-style":"default","ast-global-header-display":"","ast-banner-title-visibility":"","ast-main-header-display":"","ast-hfb-above-header-display":"","ast-hfb-below-header-display":"","ast-hfb-mobile-header-display":"","site-post-title":"","ast-breadcrumbs-content":"","ast-featured-img":"","footer-sml-layout":"","ast-disable-related-posts":"","theme-transparent-header-meta":"","adv-header-id-meta":"","stick-header-meta":"","header-above-stick-meta":"","header-main-stick-meta":"","header-below-stick-meta":"","astra-migrate-meta-layouts":"default","ast-page-background-enabled":"default","ast-page-background-meta":{"desktop":{"background-color":"var(--ast-global-color-4)","background-image":"","background-repeat":"repeat","background-position":"center center","background-size":"auto","background-attachment":"scroll","background-type":"","background-media":"","overlay-type":"","overlay-color":"","overlay-opacity":"","overlay-gradient":""},"tablet":{"background-color":"","background-image":"","background-repeat":"repeat","background-position":"center center","background-size":"auto","background-attachment":"scroll","background-type":"","background-media":"","overlay-type":"","overlay-color":"","overlay-opacity":"","overlay-gradient":""},"mobile":{"background-color":"","background-image":"","background-repeat":"repeat","background-position":"center center","background-size":"auto","background-attachment":"scroll","background-type":"","background-media":"","overlay-type":"","overlay-color":"","overlay-opacity":"","overlay-gradient":""}},"ast-content-background-meta":{"desktop":{"background-color":"var(--ast-global-color-5)","background-image":"","background-repeat":"repeat","background-position":"center center","background-size":"auto","background-attachment":"scroll","background-type":"","background-media":"","overlay-type":"","overlay-color":"","overlay-opacity":"","overlay-gradient":""},"tablet":{"background-color":"var(--ast-global-color-5)","background-image":"","background-repeat":"repeat","background-position":"center center","background-size":"auto","background-attachment":"scroll","background-type":"","background-media":"","overlay-type":"","overlay-color":"","overlay-opacity":"","overlay-gradient":""},"mobile":{"background-color":"var(--ast-global-color-5)","background-image":"","background-repeat":"repeat","background-position":"center center","background-size":"auto","background-attachment":"scroll","background-type":"","background-media":"","overlay-type":"","overlay-color":"","overlay-opacity":"","overlay-gradient":""}},"footnotes":"","_members_access_role":[],"_members_access_error":""},"class_list":["post-10600","page","type-page","status-publish","hentry"],"acf":[],"yoast_head":"<!-- This site is optimized with the Yoast SEO plugin v28.3 - https:\/\/yoast.com\/product\/yoast-seo-wordpress\/ -->\n<title>Prix du naturaliste de l&#039;ann\u00e9e \u00e0 la m\u00e9moire de Roger Leblanc - Nature NB<\/title>\n<meta name=\"robots\" content=\"index, follow, max-snippet:-1, max-image-preview:large, max-video-preview:-1\" \/>\n<link rel=\"canonical\" href=\"https:\/\/www.naturenb.ca\/fr\/naturaliste-de-lannee\/\" \/>\n<meta property=\"og:locale\" content=\"fr_CA\" \/>\n<meta property=\"og:type\" content=\"article\" \/>\n<meta property=\"og:title\" content=\"Prix du naturaliste de l&#039;ann\u00e9e \u00e0 la m\u00e9moire de Roger Leblanc - Nature NB\" \/>\n<meta property=\"og:description\" content=\"F\u00e9licitations \u00e0 notre naturaliste de l\u2019ann\u00e9e 2024! Fred Richards C\u2019est quoi le Prix du naturaliste de l&rsquo;ann\u00e9e \u00e0 la m\u00e9moire de Roger Leblanc? Le prix du naturaliste de l&rsquo;ann\u00e9e \u00e0 [&hellip;]\" \/>\n<meta property=\"og:url\" content=\"https:\/\/www.naturenb.ca\/fr\/naturaliste-de-lannee\/\" \/>\n<meta property=\"og:site_name\" content=\"Nature NB\" \/>\n<meta property=\"article:modified_time\" content=\"2026-08-20T18:42:55+00:00\" \/>\n<meta property=\"og:image\" content=\"https:\/\/www.naturenb.ca\/sites\/www.naturenb.ca\/wp-content\/uploads\/2026\/08\/fred-richards-1024x768.jpg\" \/>\n<meta name=\"twitter:card\" content=\"summary_large_image\" \/>\n<meta name=\"twitter:label1\" content=\"Estimation du temps de lecture\" \/>\n\t<meta name=\"twitter:data1\" content=\"1 minute\" \/>\n<script type=\"application\/ld+json\" class=\"yoast-schema-graph\">{\"@context\":\"https:\\\/\\\/schema.org\",\"@graph\":[{\"@type\":\"WebPage\",\"@id\":\"https:\\\/\\\/www.naturenb.ca\\\/fr\\\/naturaliste-de-lannee\\\/\",\"url\":\"https:\\\/\\\/www.naturenb.ca\\\/fr\\\/naturaliste-de-lannee\\\/\",\"name\":\"Prix du naturaliste de l'ann\u00e9e \u00e0 la m\u00e9moire de Roger Leblanc - Nature NB\",\"isPartOf\":{\"@id\":\"https:\\\/\\\/www.naturenb.ca\\\/fr\\\/#website\"},\"primaryImageOfPage\":{\"@id\":\"https:\\\/\\\/www.naturenb.ca\\\/fr\\\/naturaliste-de-lannee\\\/#primaryimage\"},\"image\":{\"@id\":\"https:\\\/\\\/www.naturenb.ca\\\/fr\\\/naturaliste-de-lannee\\\/#primaryimage\"},\"thumbnailUrl\":\"https:\\\/\\\/www.naturenb.ca\\\/sites\\\/www.naturenb.ca\\\/wp-content\\\/uploads\\\/2026\\\/08\\\/fred-richards-1024x768.jpg\",\"datePublished\":\"2023-01-24T19:43:33+00:00\",\"dateModified\":\"2026-08-20T18:42:55+00:00\",\"breadcrumb\":{\"@id\":\"https:\\\/\\\/www.naturenb.ca\\\/fr\\\/naturaliste-de-lannee\\\/#breadcrumb\"},\"inLanguage\":\"fr-CA\",\"potentialAction\":[{\"@type\":\"ReadAction\",\"target\":[\"https:\\\/\\\/www.naturenb.ca\\\/fr\\\/naturaliste-de-lannee\\\/\"]}]},{\"@type\":\"ImageObject\",\"inLanguage\":\"fr-CA\",\"@id\":\"https:\\\/\\\/www.naturenb.ca\\\/fr\\\/naturaliste-de-lannee\\\/#primaryimage\",\"url\":\"https:\\\/\\\/www.naturenb.ca\\\/sites\\\/www.naturenb.ca\\\/wp-content\\\/uploads\\\/2026\\\/08\\\/fred-richards-1024x768.jpg\",\"contentUrl\":\"https:\\\/\\\/www.naturenb.ca\\\/sites\\\/www.naturenb.ca\\\/wp-content\\\/uploads\\\/2026\\\/08\\\/fred-richards-1024x768.jpg\"},{\"@type\":\"BreadcrumbList\",\"@id\":\"https:\\\/\\\/www.naturenb.ca\\\/fr\\\/naturaliste-de-lannee\\\/#breadcrumb\",\"itemListElement\":[{\"@type\":\"ListItem\",\"position\":1,\"name\":\"Home\",\"item\":\"https:\\\/\\\/www.naturenb.ca\\\/fr\\\/\"},{\"@type\":\"ListItem\",\"position\":2,\"name\":\"Prix du naturaliste de l&#8217;ann\u00e9e \u00e0 la m\u00e9moire de Roger Leblanc\"}]},{\"@type\":\"WebSite\",\"@id\":\"https:\\\/\\\/www.naturenb.ca\\\/fr\\\/#website\",\"url\":\"https:\\\/\\\/www.naturenb.ca\\\/fr\\\/\",\"name\":\"Nature NB\",\"description\":\"\",\"publisher\":{\"@id\":\"https:\\\/\\\/www.naturenb.ca\\\/fr\\\/#organization\"},\"potentialAction\":[{\"@type\":\"SearchAction\",\"target\":{\"@type\":\"EntryPoint\",\"urlTemplate\":\"https:\\\/\\\/www.naturenb.ca\\\/fr\\\/?s={search_term_string}\"},\"query-input\":{\"@type\":\"PropertyValueSpecification\",\"valueRequired\":true,\"valueName\":\"search_term_string\"}}],\"inLanguage\":\"fr-CA\"},{\"@type\":\"Organization\",\"@id\":\"https:\\\/\\\/www.naturenb.ca\\\/fr\\\/#organization\",\"name\":\"Nature NB\",\"url\":\"https:\\\/\\\/www.naturenb.ca\\\/fr\\\/\",\"logo\":{\"@type\":\"ImageObject\",\"inLanguage\":\"fr-CA\",\"@id\":\"https:\\\/\\\/www.naturenb.ca\\\/fr\\\/#\\\/schema\\\/logo\\\/image\\\/\",\"url\":\"https:\\\/\\\/www.naturenb.ca\\\/sites\\\/www.naturenb.ca\\\/wp-content\\\/uploads\\\/2023\\\/10\\\/NatureNB_Logo-1.png\",\"contentUrl\":\"https:\\\/\\\/www.naturenb.ca\\\/sites\\\/www.naturenb.ca\\\/wp-content\\\/uploads\\\/2023\\\/10\\\/NatureNB_Logo-1.png\",\"width\":\"1200\",\"height\":\"750\",\"caption\":\"Nature NB\"},\"image\":{\"@id\":\"https:\\\/\\\/www.naturenb.ca\\\/fr\\\/#\\\/schema\\\/logo\\\/image\\\/\"}}]}<\/script>\n<!-- \/ Yoast SEO plugin. -->","yoast_head_json":{"title":"Prix du naturaliste de l'ann\u00e9e \u00e0 la m\u00e9moire de Roger Leblanc - Nature NB","robots":{"index":"index","follow":"follow","max-snippet":"max-snippet:-1","max-image-preview":"max-image-preview:large","max-video-preview":"max-video-preview:-1"},"canonical":"https:\/\/www.naturenb.ca\/fr\/naturaliste-de-lannee\/","og_locale":"fr_CA","og_type":"article","og_title":"Prix du naturaliste de l'ann\u00e9e \u00e0 la m\u00e9moire de Roger Leblanc - Nature NB","og_description":"F\u00e9licitations \u00e0 notre naturaliste de l\u2019ann\u00e9e 2024! Fred Richards C\u2019est quoi le Prix du naturaliste de l&rsquo;ann\u00e9e \u00e0 la m\u00e9moire de Roger Leblanc? Le prix du naturaliste de l&rsquo;ann\u00e9e \u00e0 [&hellip;]","og_url":"https:\/\/www.naturenb.ca\/fr\/naturaliste-de-lannee\/","og_site_name":"Nature NB","article_modified_time":"2026-08-20T18:42:55+00:00","og_image":[{"url":"https:\/\/www.naturenb.ca\/sites\/www.naturenb.ca\/wp-content\/uploads\/2026\/08\/fred-richards-1024x768.jpg","type":"","width":"","height":""}],"twitter_card":"summary_large_image","twitter_misc":{"Estimation du temps de lecture":"1 minute"},"schema":{"@context":"https:\/\/schema.org","@graph":[{"@type":"WebPage","@id":"https:\/\/www.naturenb.ca\/fr\/naturaliste-de-lannee\/","url":"https:\/\/www.naturenb.ca\/fr\/naturaliste-de-lannee\/","name":"Prix du naturaliste de l'ann\u00e9e \u00e0 la m\u00e9moire de Roger Leblanc - Nature NB","isPartOf":{"@id":"https:\/\/www.naturenb.ca\/fr\/#website"},"primaryImageOfPage":{"@id":"https:\/\/www.naturenb.ca\/fr\/naturaliste-de-lannee\/#primaryimage"},"image":{"@id":"https:\/\/www.naturenb.ca\/fr\/naturaliste-de-lannee\/#primaryimage"},"thumbnailUrl":"https:\/\/www.naturenb.ca\/sites\/www.naturenb.ca\/wp-content\/uploads\/2026\/08\/fred-richards-1024x768.jpg","datePublished":"2023-01-24T19:43:33+00:00","dateModified":"2026-08-20T18:42:55+00:00","breadcrumb":{"@id":"https:\/\/www.naturenb.ca\/fr\/naturaliste-de-lannee\/#breadcrumb"},"inLanguage":"fr-CA","potentialAction":[{"@type":"ReadAction","target":["https:\/\/www.naturenb.ca\/fr\/naturaliste-de-lannee\/"]}]},{"@type":"ImageObject","inLanguage":"fr-CA","@id":"https:\/\/www.naturenb.ca\/fr\/naturaliste-de-lannee\/#primaryimage","url":"https:\/\/www.naturenb.ca\/sites\/www.naturenb.ca\/wp-content\/uploads\/2026\/08\/fred-richards-1024x768.jpg","contentUrl":"https:\/\/www.naturenb.ca\/sites\/www.naturenb.ca\/wp-content\/uploads\/2026\/08\/fred-richards-1024x768.jpg"},{"@type":"BreadcrumbList","@id":"https:\/\/www.naturenb.ca\/fr\/naturaliste-de-lannee\/#breadcrumb","itemListElement":[{"@type":"ListItem","position":1,"name":"Home","item":"https:\/\/www.naturenb.ca\/fr\/"},{"@type":"ListItem","position":2,"name":"Prix du naturaliste de l&#8217;ann\u00e9e \u00e0 la m\u00e9moire de Roger Leblanc"}]},{"@type":"WebSite","@id":"https:\/\/www.naturenb.ca\/fr\/#website","url":"https:\/\/www.naturenb.ca\/fr\/","name":"Nature NB","description":"","publisher":{"@id":"https:\/\/www.naturenb.ca\/fr\/#organization"},"potentialAction":[{"@type":"SearchAction","target":{"@type":"EntryPoint","urlTemplate":"https:\/\/www.naturenb.ca\/fr\/?s={search_term_string}"},"query-input":{"@type":"PropertyValueSpecification","valueRequired":true,"valueName":"search_term_string"}}],"inLanguage":"fr-CA"},{"@type":"Organization","@id":"https:\/\/www.naturenb.ca\/fr\/#organization","name":"Nature NB","url":"https:\/\/www.naturenb.ca\/fr\/","logo":{"@type":"ImageObject","inLanguage":"fr-CA","@id":"https:\/\/www.naturenb.ca\/fr\/#\/schema\/logo\/image\/","url":"https:\/\/www.naturenb.ca\/sites\/www.naturenb.ca\/wp-content\/uploads\/2023\/10\/NatureNB_Logo-1.png","contentUrl":"https:\/\/www.naturenb.ca\/sites\/www.naturenb.ca\/wp-content\/uploads\/2023\/10\/NatureNB_Logo-1.png","width":"1200","height":"750","caption":"Nature NB"},"image":{"@id":"https:\/\/www.naturenb.ca\/fr\/#\/schema\/logo\/image\/"}}]}},"uagb_featured_image_src":{"full":false,"thumbnail":false,"medium":false,"medium_large":false,"large":false,"1536x1536":false,"2048x2048":false},"uagb_author_info":{"display_name":"SymbioTIC Admin","author_link":"https:\/\/www.naturenb.ca\/fr\/author\/shane-symbiotic\/"},"uagb_comment_info":0,"uagb_excerpt":"F\u00e9licitations \u00e0 notre naturaliste de l\u2019ann\u00e9e 2024! Fred Richards C\u2019est quoi le Prix du naturaliste de l&rsquo;ann\u00e9e \u00e0 la m\u00e9moire de Roger Leblanc? Le prix du naturaliste de l&rsquo;ann\u00e9e \u00e0 [&hellip;]","_links":{"self":[{"href":"https:\/\/www.naturenb.ca\/fr\/wp-json\/wp\/v2\/pages\/10600","targetHints":{"allow":["GET"]}}],"collection":[{"href":"https:\/\/www.naturenb.ca\/fr\/wp-json\/wp\/v2\/pages"}],"about":[{"href":"https:\/\/www.naturenb.ca\/fr\/wp-json\/wp\/v2\/types\/page"}],"author":[{"embeddable":true,"href":"https:\/\/www.naturenb.ca\/fr\/wp-json\/wp\/v2\/users\/2"}],"replies":[{"embeddable":true,"href":"https:\/\/www.naturenb.ca\/fr\/wp-json\/wp\/v2\/comments?post=10600"}],"version-history":[{"count":4,"href":"https:\/\/www.naturenb.ca\/fr\/wp-json\/wp\/v2\/pages\/10600\/revisions"}],"predecessor-version":[{"id":22619,"href":"https:\/\/www.naturenb.ca\/fr\/wp-json\/wp\/v2\/pages\/10600\/revisions\/22619"}],"wp:attachment":[{"href":"https:\/\/www.naturenb.ca\/fr\/wp-json\/wp\/v2\/media?parent=10600"}],"curies":[{"name":"wp","href":"https:\/\/api.w.org\/{rel}","templated":true}]}}