{"id":10199,"date":"2022-10-24T13:39:30","date_gmt":"2022-10-24T16:39:30","guid":{"rendered":"https:\/\/www.naturenb.ca\/?page_id=10199"},"modified":"2026-09-01T11:07:52","modified_gmt":"2026-09-01T14:07:52","slug":"revue-naturaliste-nb","status":"publish","type":"page","link":"https:\/\/www.naturenb.ca\/fr\/revue-naturaliste-nb\/","title":{"rendered":"Naturaliste du N.-B."},"content":{"rendered":"\n<figure class=\"wp-block-image size-large\"><img loading=\"lazy\" decoding=\"async\" width=\"1024\" height=\"171\" src=\"https:\/\/www.naturenb.ca\/sites\/www.naturenb.ca\/wp-content\/uploads\/2020\/01\/Untitled-design-4-1024x171.png\" alt=\"\" class=\"wp-image-13492\" srcset=\"https:\/\/www.naturenb.ca\/sites\/www.naturenb.ca\/wp-content\/uploads\/2020\/01\/Untitled-design-4-1024x171.png 1024w, https:\/\/www.naturenb.ca\/sites\/www.naturenb.ca\/wp-content\/uploads\/2020\/01\/Untitled-design-4-300x50.png 300w, https:\/\/www.naturenb.ca\/sites\/www.naturenb.ca\/wp-content\/uploads\/2020\/01\/Untitled-design-4-768x128.png 768w, https:\/\/www.naturenb.ca\/sites\/www.naturenb.ca\/wp-content\/uploads\/2020\/01\/Untitled-design-4-200x33.png 200w, https:\/\/www.naturenb.ca\/sites\/www.naturenb.ca\/wp-content\/uploads\/2020\/01\/Untitled-design-4-400x67.png 400w, https:\/\/www.naturenb.ca\/sites\/www.naturenb.ca\/wp-content\/uploads\/2020\/01\/Untitled-design-4-600x100.png 600w, https:\/\/www.naturenb.ca\/sites\/www.naturenb.ca\/wp-content\/uploads\/2020\/01\/Untitled-design-4-800x133.png 800w, https:\/\/www.naturenb.ca\/sites\/www.naturenb.ca\/wp-content\/uploads\/2020\/01\/Untitled-design-4-1200x200.png 1200w, https:\/\/www.naturenb.ca\/sites\/www.naturenb.ca\/wp-content\/uploads\/2020\/01\/Untitled-design-4-350x58.png 350w, https:\/\/www.naturenb.ca\/sites\/www.naturenb.ca\/wp-content\/uploads\/2020\/01\/Untitled-design-4-1100x183.png 1100w, https:\/\/www.naturenb.ca\/sites\/www.naturenb.ca\/wp-content\/uploads\/2020\/01\/Untitled-design-4.png 1500w\" sizes=\"auto, (max-width: 1024px) 100vw, 1024px\" \/><\/figure>\n\n\n\n<h1 class=\"wp-block-heading\">\u00c0 propos du&nbsp;<em>Naturaliste du N.-B.<\/em><\/h1>\n\n\n\n<p class=\"wp-block-paragraph\">Voix officielle de Nature NB depuis 1973,&nbsp;<em>Naturaliste du N.-B.<\/em>&nbsp;\u00e9tait auparavant (de 1970 \u00e0 1973) une publication du Mus\u00e9e du Nouveau-Brunswick. Depuis 1995, la production de la revue est assum\u00e9e par une \u00e9quipe de naturalistes b\u00e9n\u00e9voles et le personnel de Nature NB. Bien que la revue ait \u00e9volu\u00e9 et subi divers changements de format, elle demeure une publication sur le patrimoine naturel de la province, r\u00e9dig\u00e9e en grande partie par et pour les N\u00e9o-Brunswickois.es.<\/p>\n\n\n\n<p class=\"wp-block-paragraph\">Tous les aspects du patrimoine naturel de la province sont les bienvenus dans&nbsp;<em>Naturaliste du N.-B.<\/em> !<\/p>\n\n\n\n<div style=\"height:30px\" aria-hidden=\"true\" class=\"wp-block-spacer\"><\/div>\n\n\n\n<h1 class=\"wp-block-heading\">Articles r\u00e9cents<\/h1>\n\n\n\n\t\t\t<div class=\"wp-block-uagb-post-grid uagb-post-grid  uagb-post__image-position-top uagb-post__image-enabled uagb-block-087d7b8d     uagb-post__items uagb-post__columns-3 is-grid uagb-post__columns-tablet-2 uagb-post__columns-mobile-1 uagb-post__equal-height\" data-total=\"7\" style=\"\">\n\n\t\t\t\t\t\t\t\t\t\t\t\t<article class=\"uagb-post__inner-wrap\">\t\t\t\t\t\t\t\t<div class='uagb-post__image'>\n\t\t\t\t\t\t\t\t\t<a href=\"https:\/\/www.naturenb.ca\/fr\/naturaliste-du-nb-en-vedette-inaturalist-canada-la-science-communautaire-en-action\/\" target=\"_self\" rel=\"bookmark noopener noreferrer\" class='uagb-image-ratio-inherit'><img loading=\"lazy\" decoding=\"async\" width=\"1024\" height=\"683\" src=\"https:\/\/www.naturenb.ca\/sites\/www.naturenb.ca\/wp-content\/uploads\/2026\/09\/original-1024x683.jpg\" class=\"attachment-large size-large\" alt=\"\" srcset=\"https:\/\/www.naturenb.ca\/sites\/www.naturenb.ca\/wp-content\/uploads\/2026\/09\/original-1024x683.jpg 1024w, https:\/\/www.naturenb.ca\/sites\/www.naturenb.ca\/wp-content\/uploads\/2026\/09\/original-300x200.jpg 300w, https:\/\/www.naturenb.ca\/sites\/www.naturenb.ca\/wp-content\/uploads\/2026\/09\/original-768x512.jpg 768w, https:\/\/www.naturenb.ca\/sites\/www.naturenb.ca\/wp-content\/uploads\/2026\/09\/original-1536x1024.jpg 1536w, https:\/\/www.naturenb.ca\/sites\/www.naturenb.ca\/wp-content\/uploads\/2026\/09\/original.jpg 2048w\" sizes=\"auto, (max-width: 1024px) 100vw, 1024px\" \/>\t\t\t\t\t<\/a>\n\t\t\t\t\t\t\t<\/div>\n\t\t\t\t\t\t<h4 class=\"uagb-post__title uagb-post__text\">\n\t\t\t\t<a href=\"https:\/\/www.naturenb.ca\/fr\/naturaliste-du-nb-en-vedette-inaturalist-canada-la-science-communautaire-en-action\/\" target=\"_self\" rel=\"bookmark noopener noreferrer\">Naturaliste du NB en vedette &#8211; iNaturalist Canada: la science communautaire en action<\/a>\n\t\t\t<\/h4>\n\t\t\t\t\t\t<div class='uagb-post__text uagb-post-grid-byline'>\n\t\t\t\t\t\t\t\t<time datetime=\"2026-07-01T10:58:31-03:00\" class=\"uagb-post__date\">\n\t\t\t\t\t\t\t\t\tjuillet 1, 2026\t\t\t\t<\/time>\n\t\t\t\t\t\t<\/div>\n\t\t\t\t\t\t\t<div class='uagb-post__text uagb-post__excerpt'>\n\t\t\t\t\tComme la nature elle-m\u00eame, nos fa\u00e7ons de d\u00e9couvrir et de comprendre celle-ci ont \u00e9volu\u00e9. Mais&#8230;\t\t\t\t<\/div>\n\t\t\t\t\t\t<div class=\"uagb-post__text uagb-post__cta wp-block-button\">\n\t\t\t\t<a class=\"wp-block-button__link uagb-text-link\" style=\"\" href=\"https:\/\/www.naturenb.ca\/fr\/naturaliste-du-nb-en-vedette-inaturalist-canada-la-science-communautaire-en-action\/\" target=\"_self\" rel=\"bookmark noopener noreferrer\">Lire l&rsquo;article<\/a>\n\t\t\t<\/div>\n\t\t\t\n\t\t\t\t\t\t\t\t\t<\/article>\n\t\t\t\t\t\t\t\t\t\t\t\t\t\t\t\t<article class=\"uagb-post__inner-wrap\">\t\t\t\t\t\t\t\t<div class='uagb-post__image'>\n\t\t\t\t\t\t\t\t\t<a href=\"https:\/\/www.naturenb.ca\/fr\/naturaliste-du-nb-en-vedette-lobservatoire-doiseaux-de-pointe-lepreau-30-ans-deja\/\" target=\"_self\" rel=\"bookmark noopener noreferrer\" class='uagb-image-ratio-inherit'><img loading=\"lazy\" decoding=\"async\" width=\"1024\" height=\"683\" src=\"https:\/\/www.naturenb.ca\/sites\/www.naturenb.ca\/wp-content\/uploads\/2026\/06\/PLBO-Black-Scoters-In-Flight-Pt-Lepreau-Apr-5-10-4-1024x683.jpg\" class=\"attachment-large size-large\" alt=\"\" srcset=\"https:\/\/www.naturenb.ca\/sites\/www.naturenb.ca\/wp-content\/uploads\/2026\/06\/PLBO-Black-Scoters-In-Flight-Pt-Lepreau-Apr-5-10-4-1024x683.jpg 1024w, https:\/\/www.naturenb.ca\/sites\/www.naturenb.ca\/wp-content\/uploads\/2026\/06\/PLBO-Black-Scoters-In-Flight-Pt-Lepreau-Apr-5-10-4-300x200.jpg 300w, https:\/\/www.naturenb.ca\/sites\/www.naturenb.ca\/wp-content\/uploads\/2026\/06\/PLBO-Black-Scoters-In-Flight-Pt-Lepreau-Apr-5-10-4-768x512.jpg 768w, https:\/\/www.naturenb.ca\/sites\/www.naturenb.ca\/wp-content\/uploads\/2026\/06\/PLBO-Black-Scoters-In-Flight-Pt-Lepreau-Apr-5-10-4-1536x1024.jpg 1536w, https:\/\/www.naturenb.ca\/sites\/www.naturenb.ca\/wp-content\/uploads\/2026\/06\/PLBO-Black-Scoters-In-Flight-Pt-Lepreau-Apr-5-10-4-2048x1365.jpg 2048w\" sizes=\"auto, (max-width: 1024px) 100vw, 1024px\" \/>\t\t\t\t\t<\/a>\n\t\t\t\t\t\t\t<\/div>\n\t\t\t\t\t\t<h4 class=\"uagb-post__title uagb-post__text\">\n\t\t\t\t<a href=\"https:\/\/www.naturenb.ca\/fr\/naturaliste-du-nb-en-vedette-lobservatoire-doiseaux-de-pointe-lepreau-30-ans-deja\/\" target=\"_self\" rel=\"bookmark noopener noreferrer\">Naturaliste du NB en vedette : L&rsquo;Observatoire d&rsquo;oiseaux de Pointe Lepreau \u2013 30 ans d\u00e9j\u00e0<\/a>\n\t\t\t<\/h4>\n\t\t\t\t\t\t<div class='uagb-post__text uagb-post-grid-byline'>\n\t\t\t\t\t\t\t\t<time datetime=\"2026-03-31T11:04:00-03:00\" class=\"uagb-post__date\">\n\t\t\t\t\t\t\t\t\tmars 31, 2026\t\t\t\t<\/time>\n\t\t\t\t\t\t<\/div>\n\t\t\t\t\t\t\t<div class='uagb-post__text uagb-post__excerpt'>\n\t\t\t\t\t<p>Cet article a \u00e9t\u00e9 publi\u00e9 dans le 50e volume du Naturaliste du NB, en juin&#8230;\t\t\t\t<\/div>\n\t\t\t\t\t\t<div class=\"uagb-post__text uagb-post__cta wp-block-button\">\n\t\t\t\t<a class=\"wp-block-button__link uagb-text-link\" style=\"\" href=\"https:\/\/www.naturenb.ca\/fr\/naturaliste-du-nb-en-vedette-lobservatoire-doiseaux-de-pointe-lepreau-30-ans-deja\/\" target=\"_self\" rel=\"bookmark noopener noreferrer\">Lire l&rsquo;article<\/a>\n\t\t\t<\/div>\n\t\t\t\n\t\t\t\t\t\t\t\t\t<\/article>\n\t\t\t\t\t\t\t\t\t\t\t\t\t\t\t\t<article class=\"uagb-post__inner-wrap\">\t\t\t\t\t\t\t\t<div class='uagb-post__image'>\n\t\t\t\t\t\t\t\t\t<a href=\"https:\/\/www.naturenb.ca\/fr\/nb-naturalist-feature-the-christmas-bird-count-north-americas-longest-running-citizen-science-project\/\" target=\"_self\" rel=\"bookmark noopener noreferrer\" class='uagb-image-ratio-inherit'><img loading=\"lazy\" decoding=\"async\" width=\"423\" height=\"268\" src=\"https:\/\/www.naturenb.ca\/sites\/www.naturenb.ca\/wp-content\/uploads\/2026\/06\/Screenshot-2026-06-16-at-10.41.48-AM.png\" class=\"attachment-large size-large\" alt=\"\" srcset=\"https:\/\/www.naturenb.ca\/sites\/www.naturenb.ca\/wp-content\/uploads\/2026\/06\/Screenshot-2026-06-16-at-10.41.48-AM.png 423w, https:\/\/www.naturenb.ca\/sites\/www.naturenb.ca\/wp-content\/uploads\/2026\/06\/Screenshot-2026-06-16-at-10.41.48-AM-300x190.png 300w\" sizes=\"auto, (max-width: 423px) 100vw, 423px\" \/>\t\t\t\t\t<\/a>\n\t\t\t\t\t\t\t<\/div>\n\t\t\t\t\t\t<h4 class=\"uagb-post__title uagb-post__text\">\n\t\t\t\t<a href=\"https:\/\/www.naturenb.ca\/fr\/nb-naturalist-feature-the-christmas-bird-count-north-americas-longest-running-citizen-science-project\/\" target=\"_self\" rel=\"bookmark noopener noreferrer\">Naturaliste du N.-B. en vedette\u00a0: Le Recensement des oiseaux de No\u00ebl, une longue tradition<\/a>\n\t\t\t<\/h4>\n\t\t\t\t\t\t<div class='uagb-post__text uagb-post-grid-byline'>\n\t\t\t\t\t\t\t\t<time datetime=\"2026-03-15T10:49:00-03:00\" class=\"uagb-post__date\">\n\t\t\t\t\t\t\t\t\tmars 15, 2026\t\t\t\t<\/time>\n\t\t\t\t\t\t<\/div>\n\t\t\t\t\t\t\t<div class='uagb-post__text uagb-post__excerpt'>\n\t\t\t\t\t<p>Cet article a \u00e9t\u00e9 publi\u00e9 dans le 50e volume du Naturaliste du NB, en juin&#8230;\t\t\t\t<\/div>\n\t\t\t\t\t\t<div class=\"uagb-post__text uagb-post__cta wp-block-button\">\n\t\t\t\t<a class=\"wp-block-button__link uagb-text-link\" style=\"\" href=\"https:\/\/www.naturenb.ca\/fr\/nb-naturalist-feature-the-christmas-bird-count-north-americas-longest-running-citizen-science-project\/\" target=\"_self\" rel=\"bookmark noopener noreferrer\">Lire l&rsquo;article<\/a>\n\t\t\t<\/div>\n\t\t\t\n\t\t\t\t\t\t\t\t\t<\/article>\n\t\t\t\t\t\t\t\t\t\t\t<\/div>\n\t\t\t\n\n\n<div style=\"height:30px\" aria-hidden=\"true\" class=\"wp-block-spacer\"><\/div>\n\n\n\n<h1 class=\"wp-block-heading\">Volume 50 No. 1 &#8211; \u00c9dition sp\u00e9ciale &#8211; Science communautaire (Juin 2026)<\/h1>\n\n\n\n<figure class=\"wp-block-table is-style-stripes\"><table class=\"has-fixed-layout\"><tbody><tr><td><strong>Article<\/strong><\/td><td><strong>Auteur\u00b7e<\/strong><\/td><td><strong>Link \/ Publication Status<\/strong><\/td><\/tr><tr><td>Introduction \u00e0 l&rsquo;\u00e9dition sp\u00e9ciale<\/td><td>Vanessa Roy-McDougall<\/td><td>Pas publi\u00e9 en ligne \u00e0 cette date \/ Imprim\u00e9<\/td><\/tr><tr><td>Comment la science communautaire informe notre travail \u00e0 Nature NB<\/td><td>Adam Cheeseman<\/td><td>Pas publi\u00e9 en ligne \u00e0 cette date \/ Imprim\u00e9<\/td><\/tr><tr><td>Botanique, floraison printani\u00e8re et biodiversit\u00e9 des oiseaux par la science citoyenne dans la P\u00e9ninsule acadienne<\/td><td>Alain Patoine<\/td><td>Pas publi\u00e9 en ligne \u00e0 cette date \/ Imprim\u00e9<\/td><\/tr><tr><td>Le pouls de la science citoyenne post-pand\u00e9mie<\/td><td>Lisa Fauteux<\/td><td>Pas publi\u00e9 en ligne \u00e0 cette date \/ Imprim\u00e9<\/td><\/tr><tr><td>Observer avec intention gr\u00e2ce aux suivis d&rsquo;oiseaux b\u00e9n\u00e9voles<\/td><td>Lauren Verner<\/td><td>Pas publi\u00e9 en ligne \u00e0 cette date \/ Imprim\u00e9<\/td><\/tr><tr><td>Le Recensement des oiseaux de No\u00ebl, une longue tradition<\/td><td>Don MacPhail<\/td><td><a href=\"https:\/\/www.naturenb.ca\/fr\/nb-naturalist-feature-the-christmas-bird-count-north-americas-longest-running-citizen-science-project\/\">Publi\u00e9 en 2026<\/a><\/td><\/tr><tr><td>iNaturalist Canada: la science communautaire en action<\/td><td>James Pag\u00e9<\/td><td><a href=\"https:\/\/www.naturenb.ca\/fr\/naturaliste-du-nb-en-vedette-inaturalist-canada-la-science-communautaire-en-action\/\" data-type=\"post\" data-id=\"22780\">Publi\u00e9 en 2026<\/a><\/td><\/tr><tr><td>L&rsquo;Observatoire d&rsquo;oiseaux de Pointe Lepreau \u2013 30 ans d\u00e9j\u00e0<\/td><td>Jim Wilson<\/td><td><a href=\"https:\/\/www.naturenb.ca\/fr\/naturaliste-du-nb-en-vedette-lobservatoire-doiseaux-de-pointe-lepreau-30-ans-deja\/\">Publi\u00e9 en 2026<\/a><\/td><\/tr><tr><td>Les b\u00e9n\u00e9voles de Nature Saint- Jean surveillent l&rsquo;infection par l&rsquo;OE chez les monarques<\/td><td>Hugh Hartloper et Keeghan Stephens<\/td><td>Pas publi\u00e9 en ligne \u00e0 cette date \/ Imprim\u00e9<\/td><\/tr><tr><td>Le monarque au N.-B. et le cycle d&rsquo;intendance de Nature NB<\/td><td>Adam Cheeseman et Samuel LeGresley<\/td><td>Pas publi\u00e9 en ligne \u00e0 cette date \/ Imprim\u00e9<\/td><\/tr><tr><td>Garder l&rsquo;\u0153il sur les monarques au N.-B.: Une r\u00e9flexion sur nos efforts collectifs depuis 2006<\/td><td>Personnel de Nature NB<\/td><td>Pas publi\u00e9 en ligne \u00e0 cette date \/ Imprim\u00e9<\/td><\/tr><tr><td>Compter les Pluviers siffleurs de la P\u00e9ninsule acadienne<\/td><td>Roland Chiasson<\/td><td>Not Published Yet \/ In Print<\/td><\/tr><tr><td>Quelques d\u00e9cennies plus tard, voici le Bulletin des plages du N.-B.!<\/td><td>Personnel de Nature NB<\/td><td><a href=\"https:\/\/cotes.naturenb.ca\/bulletin-des-plages-nb\/\" target=\"_blank\" rel=\"noreferrer noopener\">Voir le site C\u00f4tes en sant\u00e9 NB<\/a><\/td><\/tr><tr><td>50 mesures saisonni\u00e8res que vous pouvez prendre pour vous connecter avec la nature<\/td><td>Personnel de Nature NB<\/td><td>Print Only<\/td><\/tr><\/tbody><\/table><\/figure>\n\n\n\n<div class=\"wp-block-uagb-advanced-heading uagb-block-aa8c3384\"><h2 class=\"uagb-heading-text\">Num\u00e9ros r\u00e9cents<\/h2><\/div>\n\n\n\n<div class=\"wp-block-columns is-layout-flex wp-container-core-columns-is-layout-7387b849 wp-block-columns-is-layout-flex\">\n<div class=\"wp-block-column is-layout-flow wp-block-column-is-layout-flow\">\n<div class=\"wp-block-columns is-layout-flex wp-container-core-columns-is-layout-7387b849 wp-block-columns-is-layout-flex\">\n<div class=\"wp-block-column is-layout-flow wp-block-column-is-layout-flow\">\n<figure class=\"wp-block-image size-full has-custom-border\"><a href=\"https:\/\/www.naturenb.ca\/sites\/www.naturenb.ca\/wp-content\/uploads\/2026\/08\/FR-FINAL-Vol.-50-No.-1-1.pdf\" target=\"_blank\" rel=\" noreferrer noopener\"><img loading=\"lazy\" decoding=\"async\" width=\"700\" height=\"927\" src=\"https:\/\/www.naturenb.ca\/sites\/www.naturenb.ca\/wp-content\/uploads\/2026\/08\/Screenshot-2026-08-18-at-2.04.24-PM.png\" alt=\"\" class=\"has-border-color has-black-border-color wp-image-22473\" style=\"border-width:1px\" srcset=\"https:\/\/www.naturenb.ca\/sites\/www.naturenb.ca\/wp-content\/uploads\/2026\/08\/Screenshot-2026-08-18-at-2.04.24-PM.png 700w, https:\/\/www.naturenb.ca\/sites\/www.naturenb.ca\/wp-content\/uploads\/2026\/08\/Screenshot-2026-08-18-at-2.04.24-PM-227x300.png 227w\" sizes=\"auto, (max-width: 700px) 100vw, 700px\" \/><\/a><\/figure>\n<\/div>\n\n\n\n<div class=\"wp-block-column is-layout-flow wp-block-column-is-layout-flow\">\n<figure class=\"wp-block-image size-large has-custom-border\"><img loading=\"lazy\" decoding=\"async\" width=\"797\" height=\"1024\" src=\"https:\/\/www.naturenb.ca\/sites\/www.naturenb.ca\/wp-content\/uploads\/2024\/11\/nbnat-2023-797x1024.jpeg\" alt=\"\" class=\"wp-image-18633\" style=\"border-width:1px\" srcset=\"https:\/\/www.naturenb.ca\/sites\/www.naturenb.ca\/wp-content\/uploads\/2024\/11\/nbnat-2023-797x1024.jpeg 797w, https:\/\/www.naturenb.ca\/sites\/www.naturenb.ca\/wp-content\/uploads\/2024\/11\/nbnat-2023-233x300.jpeg 233w, https:\/\/www.naturenb.ca\/sites\/www.naturenb.ca\/wp-content\/uploads\/2024\/11\/nbnat-2023-768x987.jpeg 768w, https:\/\/www.naturenb.ca\/sites\/www.naturenb.ca\/wp-content\/uploads\/2024\/11\/nbnat-2023.jpeg 976w\" sizes=\"auto, (max-width: 797px) 100vw, 797px\" \/><\/figure>\n<\/div>\n\n\n\n<div class=\"wp-block-column is-layout-flow wp-block-column-is-layout-flow\">\n<figure class=\"wp-block-image size-large\"><a href=\"https:\/\/www.naturenb.ca\/sites\/www.naturenb.ca\/wp-content\/uploads\/2022\/10\/Vol.-48-No.-1.pdf\" target=\"_blank\" rel=\" noreferrer noopener\"><img loading=\"lazy\" decoding=\"async\" width=\"791\" height=\"1024\" src=\"https:\/\/www.naturenb.ca\/sites\/www.naturenb.ca\/wp-content\/uploads\/2022\/10\/NB-Naturalist-Vol.-48-No.-01-791x1024.png\" alt=\"\" class=\"wp-image-14309\" srcset=\"https:\/\/www.naturenb.ca\/sites\/www.naturenb.ca\/wp-content\/uploads\/2022\/10\/NB-Naturalist-Vol.-48-No.-01-791x1024.png 791w, https:\/\/www.naturenb.ca\/sites\/www.naturenb.ca\/wp-content\/uploads\/2022\/10\/NB-Naturalist-Vol.-48-No.-01-232x300.png 232w, https:\/\/www.naturenb.ca\/sites\/www.naturenb.ca\/wp-content\/uploads\/2022\/10\/NB-Naturalist-Vol.-48-No.-01-768x994.png 768w, https:\/\/www.naturenb.ca\/sites\/www.naturenb.ca\/wp-content\/uploads\/2022\/10\/NB-Naturalist-Vol.-48-No.-01-1187x1536.png 1187w, https:\/\/www.naturenb.ca\/sites\/www.naturenb.ca\/wp-content\/uploads\/2022\/10\/NB-Naturalist-Vol.-48-No.-01.png 200w, https:\/\/www.naturenb.ca\/sites\/www.naturenb.ca\/wp-content\/uploads\/2022\/10\/NB-Naturalist-Vol.-48-No.-01-400x518.png 400w, https:\/\/www.naturenb.ca\/sites\/www.naturenb.ca\/wp-content\/uploads\/2022\/10\/NB-Naturalist-Vol.-48-No.-01-600x777.png 600w, https:\/\/www.naturenb.ca\/sites\/www.naturenb.ca\/wp-content\/uploads\/2022\/10\/NB-Naturalist-Vol.-48-No.-01-800x1035.png 800w\" sizes=\"auto, (max-width: 791px) 100vw, 791px\" \/><\/a><\/figure>\n<\/div>\n\n\n\n<div class=\"wp-block-column is-layout-flow wp-block-column-is-layout-flow\">\n<div class=\"wp-block-buttons is-content-justification-right is-layout-flex wp-container-core-buttons-is-layout-359a27e0 wp-block-buttons-is-layout-flex\">\n<div class=\"wp-block-button is-style-fill\"><a class=\"wp-block-button__link has-background wp-element-button\" href=\"https:\/\/www.naturenb.ca\/archives-nb-naturalist\/?lang=fr\" style=\"background-color:#73c167\" target=\"_blank\" rel=\"noreferrer noopener\">NUM\u00c9ROS PASS\u00c9S<\/a><\/div>\n<\/div>\n<\/div>\n<\/div>\n<\/div>\n<\/div>\n\n\n\n<div style=\"height:30px\" aria-hidden=\"true\" class=\"wp-block-spacer\"><\/div>\n\n\n\n<h1 class=\"wp-block-heading\">Appel de soumissions<\/h1>\n\n\n\n<p class=\"wp-block-paragraph\">Nos soumissions sont toujours ouvertes pour des articles et des rapports relatifs \u00e0 l\u2019histoire naturelle du Nouveau-Brunswick. Toute soumissions sur un autre aspect de la nature, comme l\u2019astronomie, l\u2019\u00e9cologie et la g\u00e9ologie, sont aussi la bienvenue. Les membres sont invit\u00e9s \u00e0 soumettre des articles sur leurs exp\u00e9riences personnelles avec la faune ou dans des zones naturelles de la province. Les articles sont invit\u00e9s en anglais ou en fran\u00e7ais et seront traduits afin d\u2019\u00eatre publi\u00e9s dans les deux langues.<\/p>\n\n\n\n<p class=\"wp-block-paragraph\">Veuillez ne soumettre qu\u2019un titre et un bref aper\u00e7u pour votre soumission. Le personnel de&nbsp;<em>Naturaliste du N.-B.<\/em>&nbsp;vous contactera pour de plus amples informations.<\/p>\n\n\n\n<div class=\"wp-block-contact-form-7-contact-form-selector\">\n<div class=\"wpcf7 no-js\" id=\"wpcf7-f22482-o1\" lang=\"fr-FR\" dir=\"ltr\" data-wpcf7-id=\"22482\">\n<div class=\"screen-reader-response\"><p role=\"status\" aria-live=\"polite\" aria-atomic=\"true\"><\/p> <ul><\/ul><\/div>\n<form action=\"\/fr\/wp-json\/wp\/v2\/pages\/10199#wpcf7-f22482-o1\" method=\"post\" class=\"wpcf7-form init\" aria-label=\"Contact form\" novalidate=\"novalidate\" data-status=\"init\">\n<fieldset class=\"hidden-fields-container\"><input type=\"hidden\" name=\"_wpcf7\" value=\"22482\" \/><input type=\"hidden\" name=\"_wpcf7_version\" value=\"6.1.7\" \/><input type=\"hidden\" name=\"_wpcf7_locale\" value=\"fr_FR\" \/><input type=\"hidden\" name=\"_wpcf7_unit_tag\" value=\"wpcf7-f22482-o1\" \/><input type=\"hidden\" name=\"_wpcf7_container_post\" value=\"0\" \/><input type=\"hidden\" name=\"_wpcf7_posted_data_hash\" value=\"\" \/>\n<\/fieldset>\n<p><label> Your name<br \/>\n<span class=\"wpcf7-form-control-wrap\" data-name=\"your-name\"><input size=\"40\" maxlength=\"400\" class=\"wpcf7-form-control wpcf7-text wpcf7-validates-as-required\" autocomplete=\"name\" aria-required=\"true\" aria-invalid=\"false\" value=\"\" type=\"text\" name=\"your-name\" \/><\/span> <\/label>\n<\/p>\n<p><label> Your email<br \/>\n<span class=\"wpcf7-form-control-wrap\" data-name=\"your-email\"><input size=\"40\" maxlength=\"400\" class=\"wpcf7-form-control wpcf7-email wpcf7-validates-as-required wpcf7-text wpcf7-validates-as-email\" autocomplete=\"email\" aria-required=\"true\" aria-invalid=\"false\" value=\"\" type=\"email\" name=\"your-email\" \/><\/span> <\/label>\n<\/p>\n<p><label> Subject<br \/>\n<span class=\"wpcf7-form-control-wrap\" data-name=\"your-subject\"><input size=\"40\" maxlength=\"400\" class=\"wpcf7-form-control wpcf7-text wpcf7-validates-as-required\" aria-required=\"true\" aria-invalid=\"false\" value=\"\" type=\"text\" name=\"your-subject\" \/><\/span> <\/label>\n<\/p>\n<p><label> Your message (optional)<br \/>\n<span class=\"wpcf7-form-control-wrap\" data-name=\"your-message\"><textarea cols=\"40\" rows=\"10\" maxlength=\"2000\" class=\"wpcf7-form-control wpcf7-textarea\" aria-invalid=\"false\" name=\"your-message\"><\/textarea><\/span> <\/label>\n<\/p>\n<p><input class=\"wpcf7-form-control wpcf7-submit has-spinner\" type=\"submit\" value=\"Submit\" \/>\n<\/p><div class=\"wpcf7-response-output\" aria-hidden=\"true\"><\/div>\n<\/form>\n<\/div>\n<\/div>\n\n\n\n<div style=\"height:30px\" aria-hidden=\"true\" class=\"wp-block-spacer\"><\/div>\n\n\n\n<h3 class=\"wp-block-heading\">\u00c9quipe \u00e9ditoriale<\/h3>\n\n\n\n<p class=\"wp-block-paragraph\"><strong>R\u00e9dacteur en chef :<\/strong> Samuel LeGresley<br><strong>R\u00e9dacteur en chef adjoint :<\/strong> Paul Mansz<br><strong>\u00c9quipe de Nature NB :<\/strong> Vanessa Roy-McDougall, Adam Cheeseman<br><strong>Mise en page :<\/strong> Samuel LeGresley<br><strong>Traduction :<\/strong> Pierre Janin, Samuel LeGresley<\/p>\n\n\n\n<h3 class=\"wp-block-heading\">Mention relative aux droits d\u2019auteur<\/h3>\n\n\n\n<p class=\"wp-block-paragraph\">Les opinions exprim\u00e9es sont celles des auteurs. Les auteurs et les photographes conservent l\u2019exclusivit\u00e9 des droits d\u2019auteur sur leurs \u0153uvres. Toute reproduction du contenu sans l\u2019autorisation de l\u2019auteur, que ce soit sous forme imprim\u00e9e, \u00e9lectronique, sur Internet ou sous tout autre format, est strictement interdite.<\/p>\n","protected":false},"excerpt":{"rendered":"<p>\u00c0 propos du&nbsp;Naturaliste du N.-B. Voix officielle de Nature NB depuis 1973,&nbsp;Naturaliste du N.-B.&nbsp;\u00e9tait auparavant (de 1970 \u00e0 1973) une publication du Mus\u00e9e du Nouveau-Brunswick. Depuis 1995, la production de [&hellip;]<\/p>\n","protected":false},"author":2,"featured_media":0,"parent":0,"menu_order":0,"comment_status":"closed","ping_status":"closed","template":"","meta":{"_acf_changed":false,"_uag_custom_page_level_css":"","site-sidebar-layout":"default","site-content-layout":"","ast-site-content-layout":"default","site-content-style":"default","site-sidebar-style":"default","ast-global-header-display":"","ast-banner-title-visibility":"","ast-main-header-display":"","ast-hfb-above-header-display":"","ast-hfb-below-header-display":"","ast-hfb-mobile-header-display":"","site-post-title":"","ast-breadcrumbs-content":"","ast-featured-img":"","footer-sml-layout":"","ast-disable-related-posts":"","theme-transparent-header-meta":"","adv-header-id-meta":"","stick-header-meta":"","header-above-stick-meta":"","header-main-stick-meta":"","header-below-stick-meta":"","astra-migrate-meta-layouts":"default","ast-page-background-enabled":"default","ast-page-background-meta":{"desktop":{"background-color":"var(--ast-global-color-4)","background-image":"","background-repeat":"repeat","background-position":"center center","background-size":"auto","background-attachment":"scroll","background-type":"","background-media":"","overlay-type":"","overlay-color":"","overlay-opacity":"","overlay-gradient":""},"tablet":{"background-color":"","background-image":"","background-repeat":"repeat","background-position":"center center","background-size":"auto","background-attachment":"scroll","background-type":"","background-media":"","overlay-type":"","overlay-color":"","overlay-opacity":"","overlay-gradient":""},"mobile":{"background-color":"","background-image":"","background-repeat":"repeat","background-position":"center center","background-size":"auto","background-attachment":"scroll","background-type":"","background-media":"","overlay-type":"","overlay-color":"","overlay-opacity":"","overlay-gradient":""}},"ast-content-background-meta":{"desktop":{"background-color":"var(--ast-global-color-5)","background-image":"","background-repeat":"repeat","background-position":"center center","background-size":"auto","background-attachment":"scroll","background-type":"","background-media":"","overlay-type":"","overlay-color":"","overlay-opacity":"","overlay-gradient":""},"tablet":{"background-color":"var(--ast-global-color-5)","background-image":"","background-repeat":"repeat","background-position":"center center","background-size":"auto","background-attachment":"scroll","background-type":"","background-media":"","overlay-type":"","overlay-color":"","overlay-opacity":"","overlay-gradient":""},"mobile":{"background-color":"var(--ast-global-color-5)","background-image":"","background-repeat":"repeat","background-position":"center center","background-size":"auto","background-attachment":"scroll","background-type":"","background-media":"","overlay-type":"","overlay-color":"","overlay-opacity":"","overlay-gradient":""}},"footnotes":"","_members_access_role":[],"_members_access_error":""},"class_list":["post-10199","page","type-page","status-publish","hentry"],"acf":[],"yoast_head":"<!-- This site is optimized with the Yoast SEO plugin v28.3 - https:\/\/yoast.com\/product\/yoast-seo-wordpress\/ -->\n<title>Naturaliste du N.-B. - Nature NB<\/title>\n<meta name=\"robots\" content=\"index, follow, max-snippet:-1, max-image-preview:large, max-video-preview:-1\" \/>\n<link rel=\"canonical\" href=\"https:\/\/www.naturenb.ca\/fr\/revue-naturaliste-nb\/\" \/>\n<meta property=\"og:locale\" content=\"fr_CA\" \/>\n<meta property=\"og:type\" content=\"article\" \/>\n<meta property=\"og:title\" content=\"Naturaliste du N.-B. - Nature NB\" \/>\n<meta property=\"og:description\" content=\"\u00c0 propos du&nbsp;Naturaliste du N.-B. Voix officielle de Nature NB depuis 1973,&nbsp;Naturaliste du N.-B.&nbsp;\u00e9tait auparavant (de 1970 \u00e0 1973) une publication du Mus\u00e9e du Nouveau-Brunswick. Depuis 1995, la production de [&hellip;]\" \/>\n<meta property=\"og:url\" content=\"https:\/\/www.naturenb.ca\/fr\/revue-naturaliste-nb\/\" \/>\n<meta property=\"og:site_name\" content=\"Nature NB\" \/>\n<meta property=\"article:modified_time\" content=\"2026-09-01T14:07:52+00:00\" \/>\n<meta property=\"og:image\" content=\"https:\/\/www.naturenb.ca\/sites\/www.naturenb.ca\/wp-content\/uploads\/2020\/01\/Untitled-design-4.png\" \/>\n\t<meta property=\"og:image:width\" content=\"1500\" \/>\n\t<meta property=\"og:image:height\" content=\"250\" \/>\n\t<meta property=\"og:image:type\" content=\"image\/png\" \/>\n<meta name=\"twitter:card\" content=\"summary_large_image\" \/>\n<meta name=\"twitter:label1\" content=\"Estimation du temps de lecture\" \/>\n\t<meta name=\"twitter:data1\" content=\"4 minutes\" \/>\n<script type=\"application\/ld+json\" class=\"yoast-schema-graph\">{\"@context\":\"https:\\\/\\\/schema.org\",\"@graph\":[{\"@type\":\"WebPage\",\"@id\":\"https:\\\/\\\/www.naturenb.ca\\\/fr\\\/revue-naturaliste-nb\\\/\",\"url\":\"https:\\\/\\\/www.naturenb.ca\\\/fr\\\/revue-naturaliste-nb\\\/\",\"name\":\"Naturaliste du N.-B. - Nature NB\",\"isPartOf\":{\"@id\":\"https:\\\/\\\/www.naturenb.ca\\\/fr\\\/#website\"},\"primaryImageOfPage\":{\"@id\":\"https:\\\/\\\/www.naturenb.ca\\\/fr\\\/revue-naturaliste-nb\\\/#primaryimage\"},\"image\":{\"@id\":\"https:\\\/\\\/www.naturenb.ca\\\/fr\\\/revue-naturaliste-nb\\\/#primaryimage\"},\"thumbnailUrl\":\"https:\\\/\\\/www.naturenb.ca\\\/sites\\\/www.naturenb.ca\\\/wp-content\\\/uploads\\\/2020\\\/01\\\/Untitled-design-4-1024x171.png\",\"datePublished\":\"2022-10-24T16:39:30+00:00\",\"dateModified\":\"2026-09-01T14:07:52+00:00\",\"breadcrumb\":{\"@id\":\"https:\\\/\\\/www.naturenb.ca\\\/fr\\\/revue-naturaliste-nb\\\/#breadcrumb\"},\"inLanguage\":\"fr-CA\",\"potentialAction\":[{\"@type\":\"ReadAction\",\"target\":[\"https:\\\/\\\/www.naturenb.ca\\\/fr\\\/revue-naturaliste-nb\\\/\"]}]},{\"@type\":\"ImageObject\",\"inLanguage\":\"fr-CA\",\"@id\":\"https:\\\/\\\/www.naturenb.ca\\\/fr\\\/revue-naturaliste-nb\\\/#primaryimage\",\"url\":\"https:\\\/\\\/www.naturenb.ca\\\/sites\\\/www.naturenb.ca\\\/wp-content\\\/uploads\\\/2020\\\/01\\\/Untitled-design-4-1024x171.png\",\"contentUrl\":\"https:\\\/\\\/www.naturenb.ca\\\/sites\\\/www.naturenb.ca\\\/wp-content\\\/uploads\\\/2020\\\/01\\\/Untitled-design-4-1024x171.png\"},{\"@type\":\"BreadcrumbList\",\"@id\":\"https:\\\/\\\/www.naturenb.ca\\\/fr\\\/revue-naturaliste-nb\\\/#breadcrumb\",\"itemListElement\":[{\"@type\":\"ListItem\",\"position\":1,\"name\":\"Home\",\"item\":\"https:\\\/\\\/www.naturenb.ca\\\/fr\\\/\"},{\"@type\":\"ListItem\",\"position\":2,\"name\":\"Naturaliste du N.-B.\"}]},{\"@type\":\"WebSite\",\"@id\":\"https:\\\/\\\/www.naturenb.ca\\\/fr\\\/#website\",\"url\":\"https:\\\/\\\/www.naturenb.ca\\\/fr\\\/\",\"name\":\"Nature NB\",\"description\":\"\",\"publisher\":{\"@id\":\"https:\\\/\\\/www.naturenb.ca\\\/fr\\\/#organization\"},\"potentialAction\":[{\"@type\":\"SearchAction\",\"target\":{\"@type\":\"EntryPoint\",\"urlTemplate\":\"https:\\\/\\\/www.naturenb.ca\\\/fr\\\/?s={search_term_string}\"},\"query-input\":{\"@type\":\"PropertyValueSpecification\",\"valueRequired\":true,\"valueName\":\"search_term_string\"}}],\"inLanguage\":\"fr-CA\"},{\"@type\":\"Organization\",\"@id\":\"https:\\\/\\\/www.naturenb.ca\\\/fr\\\/#organization\",\"name\":\"Nature NB\",\"url\":\"https:\\\/\\\/www.naturenb.ca\\\/fr\\\/\",\"logo\":{\"@type\":\"ImageObject\",\"inLanguage\":\"fr-CA\",\"@id\":\"https:\\\/\\\/www.naturenb.ca\\\/fr\\\/#\\\/schema\\\/logo\\\/image\\\/\",\"url\":\"https:\\\/\\\/www.naturenb.ca\\\/sites\\\/www.naturenb.ca\\\/wp-content\\\/uploads\\\/2023\\\/10\\\/NatureNB_Logo-1.png\",\"contentUrl\":\"https:\\\/\\\/www.naturenb.ca\\\/sites\\\/www.naturenb.ca\\\/wp-content\\\/uploads\\\/2023\\\/10\\\/NatureNB_Logo-1.png\",\"width\":\"1200\",\"height\":\"750\",\"caption\":\"Nature NB\"},\"image\":{\"@id\":\"https:\\\/\\\/www.naturenb.ca\\\/fr\\\/#\\\/schema\\\/logo\\\/image\\\/\"}}]}<\/script>\n<!-- \/ Yoast SEO plugin. -->","yoast_head_json":{"title":"Naturaliste du N.-B. - Nature NB","robots":{"index":"index","follow":"follow","max-snippet":"max-snippet:-1","max-image-preview":"max-image-preview:large","max-video-preview":"max-video-preview:-1"},"canonical":"https:\/\/www.naturenb.ca\/fr\/revue-naturaliste-nb\/","og_locale":"fr_CA","og_type":"article","og_title":"Naturaliste du N.-B. - Nature NB","og_description":"\u00c0 propos du&nbsp;Naturaliste du N.-B. Voix officielle de Nature NB depuis 1973,&nbsp;Naturaliste du N.-B.&nbsp;\u00e9tait auparavant (de 1970 \u00e0 1973) une publication du Mus\u00e9e du Nouveau-Brunswick. Depuis 1995, la production de [&hellip;]","og_url":"https:\/\/www.naturenb.ca\/fr\/revue-naturaliste-nb\/","og_site_name":"Nature NB","article_modified_time":"2026-09-01T14:07:52+00:00","og_image":[{"width":1500,"height":250,"url":"https:\/\/www.naturenb.ca\/sites\/www.naturenb.ca\/wp-content\/uploads\/2020\/01\/Untitled-design-4.png","type":"image\/png"}],"twitter_card":"summary_large_image","twitter_misc":{"Estimation du temps de lecture":"4 minutes"},"schema":{"@context":"https:\/\/schema.org","@graph":[{"@type":"WebPage","@id":"https:\/\/www.naturenb.ca\/fr\/revue-naturaliste-nb\/","url":"https:\/\/www.naturenb.ca\/fr\/revue-naturaliste-nb\/","name":"Naturaliste du N.-B. - Nature NB","isPartOf":{"@id":"https:\/\/www.naturenb.ca\/fr\/#website"},"primaryImageOfPage":{"@id":"https:\/\/www.naturenb.ca\/fr\/revue-naturaliste-nb\/#primaryimage"},"image":{"@id":"https:\/\/www.naturenb.ca\/fr\/revue-naturaliste-nb\/#primaryimage"},"thumbnailUrl":"https:\/\/www.naturenb.ca\/sites\/www.naturenb.ca\/wp-content\/uploads\/2020\/01\/Untitled-design-4-1024x171.png","datePublished":"2022-10-24T16:39:30+00:00","dateModified":"2026-09-01T14:07:52+00:00","breadcrumb":{"@id":"https:\/\/www.naturenb.ca\/fr\/revue-naturaliste-nb\/#breadcrumb"},"inLanguage":"fr-CA","potentialAction":[{"@type":"ReadAction","target":["https:\/\/www.naturenb.ca\/fr\/revue-naturaliste-nb\/"]}]},{"@type":"ImageObject","inLanguage":"fr-CA","@id":"https:\/\/www.naturenb.ca\/fr\/revue-naturaliste-nb\/#primaryimage","url":"https:\/\/www.naturenb.ca\/sites\/www.naturenb.ca\/wp-content\/uploads\/2020\/01\/Untitled-design-4-1024x171.png","contentUrl":"https:\/\/www.naturenb.ca\/sites\/www.naturenb.ca\/wp-content\/uploads\/2020\/01\/Untitled-design-4-1024x171.png"},{"@type":"BreadcrumbList","@id":"https:\/\/www.naturenb.ca\/fr\/revue-naturaliste-nb\/#breadcrumb","itemListElement":[{"@type":"ListItem","position":1,"name":"Home","item":"https:\/\/www.naturenb.ca\/fr\/"},{"@type":"ListItem","position":2,"name":"Naturaliste du N.-B."}]},{"@type":"WebSite","@id":"https:\/\/www.naturenb.ca\/fr\/#website","url":"https:\/\/www.naturenb.ca\/fr\/","name":"Nature NB","description":"","publisher":{"@id":"https:\/\/www.naturenb.ca\/fr\/#organization"},"potentialAction":[{"@type":"SearchAction","target":{"@type":"EntryPoint","urlTemplate":"https:\/\/www.naturenb.ca\/fr\/?s={search_term_string}"},"query-input":{"@type":"PropertyValueSpecification","valueRequired":true,"valueName":"search_term_string"}}],"inLanguage":"fr-CA"},{"@type":"Organization","@id":"https:\/\/www.naturenb.ca\/fr\/#organization","name":"Nature NB","url":"https:\/\/www.naturenb.ca\/fr\/","logo":{"@type":"ImageObject","inLanguage":"fr-CA","@id":"https:\/\/www.naturenb.ca\/fr\/#\/schema\/logo\/image\/","url":"https:\/\/www.naturenb.ca\/sites\/www.naturenb.ca\/wp-content\/uploads\/2023\/10\/NatureNB_Logo-1.png","contentUrl":"https:\/\/www.naturenb.ca\/sites\/www.naturenb.ca\/wp-content\/uploads\/2023\/10\/NatureNB_Logo-1.png","width":"1200","height":"750","caption":"Nature NB"},"image":{"@id":"https:\/\/www.naturenb.ca\/fr\/#\/schema\/logo\/image\/"}}]}},"uagb_featured_image_src":{"full":false,"thumbnail":false,"medium":false,"medium_large":false,"large":false,"1536x1536":false,"2048x2048":false},"uagb_author_info":{"display_name":"SymbioTIC Admin","author_link":"https:\/\/www.naturenb.ca\/fr\/author\/shane-symbiotic\/"},"uagb_comment_info":0,"uagb_excerpt":"\u00c0 propos du&nbsp;Naturaliste du N.-B. Voix officielle de Nature NB depuis 1973,&nbsp;Naturaliste du N.-B.&nbsp;\u00e9tait auparavant (de 1970 \u00e0 1973) une publication du Mus\u00e9e du Nouveau-Brunswick. Depuis 1995, la production de [&hellip;]","_links":{"self":[{"href":"https:\/\/www.naturenb.ca\/fr\/wp-json\/wp\/v2\/pages\/10199","targetHints":{"allow":["GET"]}}],"collection":[{"href":"https:\/\/www.naturenb.ca\/fr\/wp-json\/wp\/v2\/pages"}],"about":[{"href":"https:\/\/www.naturenb.ca\/fr\/wp-json\/wp\/v2\/types\/page"}],"author":[{"embeddable":true,"href":"https:\/\/www.naturenb.ca\/fr\/wp-json\/wp\/v2\/users\/2"}],"replies":[{"embeddable":true,"href":"https:\/\/www.naturenb.ca\/fr\/wp-json\/wp\/v2\/comments?post=10199"}],"version-history":[{"count":4,"href":"https:\/\/www.naturenb.ca\/fr\/wp-json\/wp\/v2\/pages\/10199\/revisions"}],"predecessor-version":[{"id":22785,"href":"https:\/\/www.naturenb.ca\/fr\/wp-json\/wp\/v2\/pages\/10199\/revisions\/22785"}],"wp:attachment":[{"href":"https:\/\/www.naturenb.ca\/fr\/wp-json\/wp\/v2\/media?parent=10199"}],"curies":[{"name":"wp","href":"https:\/\/api.w.org\/{rel}","templated":true}]}}